{"id":62,"date":"2016-12-08T12:46:15","date_gmt":"2016-12-08T11:46:15","guid":{"rendered":"http:\/\/www.lesnapolanaslawno.pl\/?page_id=62"},"modified":"2017-01-02T16:19:33","modified_gmt":"2017-01-02T15:19:33","slug":"napisano-o-nas","status":"publish","type":"page","link":"http:\/\/www.lesnapolanaslawno.pl\/index.php\/kolo-lowieckie\/napisano-o-nas\/","title":{"rendered":"Napisano o Nas"},"content":{"rendered":"<p><span style=\"color: #242222;\"><span style=\"font-family: Liberation Sans,sans-serif;\"><span style=\"font-size: medium;\">Czasami informacje o naszym Kole i dzia\u0142aniach Cz\u0142onk\u00f3w naszego Ko\u0142a trafiaj\u0105 na szpalty gazet lub innych medi\u00f3w.<\/span><\/span><\/span><\/p>\n<p><span style=\"color: #242222;\"><span style=\"font-family: Liberation Sans,sans-serif;\"><span style=\"font-size: medium;\">Bardzo nas to cieszy i liczymy, \u017ce poni\u017csza lista b\u0119dzie si\u0119 nieustannie rozwija\u0142a.<\/span><\/span><\/span><\/p>\n<p>&nbsp;<\/p>\n<p><a href=\"https:\/\/drive.google.com\/open?id=0B1id1gwJmgeCM0JzenByaHlvdGs\" target=\"_blank\"><span style=\"color: #2b4927;\"><span style=\"font-family: Liberation Sans,sans-serif;\"><span style=\"font-size: medium;\"><u>Spotkanie z my\u015bliwym \/Zygmuntem Siedleckim\/ &#8211; Obserwator lokalny\u00a0\u00a0\u00a0 08 04 2015<\/u><\/span><\/span><\/span><\/a><\/p>\n<p><a href=\"https:\/\/drive.google.com\/open?id=0B1id1gwJmgeCcm5jd1BGOFBpZGM\" target=\"_blank\"><span style=\"color: #2b4927;\"><span style=\"font-family: Liberation Sans,sans-serif;\"><span style=\"font-size: medium;\"><u>Hubert\u00f3wka na sze\u015b\u0107dziesi\u0119ciolecie &#8211; Obserwator lokalny\u00a0\u00a0\u00a0 24 09 2014<\/u><\/span><\/span><\/span><\/a><\/p>\n<p><a href=\"https:\/\/drive.google.com\/open?id=0B1id1gwJmgeCcXljYlA1RDlqems\" target=\"_blank\"><span style=\"color: #2b4927;\"><span style=\"font-family: Liberation Sans,sans-serif;\"><span style=\"font-size: medium;\"><u>Ko\u0142o \u0142owieckie &#8222;Le\u015bna Polana&#8221; &#8211; Obserwator lokalny Encyklopedia 24 09 2014<\/u><\/span><\/span><\/span><\/a><\/p>\n<p><a href=\"https:\/\/drive.google.com\/open?id=0B1id1gwJmgeCVzhWem9OczIzLUk\" target=\"_blank\"><span style=\"color: #2b4927;\"><span style=\"font-family: Liberation Sans,sans-serif;\"><span style=\"font-size: medium;\"><u>Powiatowe Dni Kultury \u0141owieckiej S\u0142awno 2009- broszura<\/u><\/span><\/span><\/span><\/a><\/p>\n<p><a href=\"https:\/\/drive.google.com\/open?id=0B1id1gwJmgeCSG5rTEpWMFVQbWM\" target=\"_blank\"><span style=\"color: #2b4927;\"><span style=\"font-family: Liberation Sans,sans-serif;\"><span style=\"font-size: medium;\"><u>Jubileusz &#8222;Le\u015bnej Polany&#8221; &#8211; Dziennik S\u0142awie\u0144ski\u00a0\u00a0\u00a0 04.09.2009<\/u><\/span><\/span><\/span><\/a><\/p>\n<p><a href=\"https:\/\/drive.google.com\/open?id=0B1id1gwJmgeCSS1PTGFidlBndEk\" target=\"_blank\"><span style=\"color: #2b4927;\"><span style=\"font-family: Liberation Sans,sans-serif;\"><span style=\"font-size: medium;\"><u>55 lat wielkich \u0142ow\u00f3w\u00a0 &#8211; Obserwator Lokalny\u00a0\u00a0\u00a0\u00a0\u00a0 03.09.2009<\/u><\/span><\/span><\/span><\/a><\/p>\n<p>&nbsp;<\/p>\n<p><strong><span style=\"color: #ff0000;\"><span style=\"font-family: Liberation Sans,sans-serif;\"><span style=\"font-size: medium;\">JE\u015aLI ZNALAZ\u0141E\u015a ARTYKU\u0141, BROSZUR\u0118, KSI\u0104\u017bK\u0118 LUB INNE MEDIUM, W KT\u00d3RYM MOWA O NASZYM KOLE &#8211; POINFORMUJ NAS O TYM! Zamie\u015bcimy to niezw\u0142ocznie na tej stronie.<\/span><\/span><\/span><\/strong><\/p>\n","protected":false},"excerpt":{"rendered":"<p>Czasami informacje o naszym Kole i dzia\u0142aniach Cz\u0142onk\u00f3w naszego Ko\u0142a trafiaj\u0105 na szpalty gazet lub innych medi\u00f3w. Bardzo nas to cieszy i liczymy, \u017ce poni\u017csza lista b\u0119dzie si\u0119 nieustannie rozwija\u0142a. &nbsp; Spotkanie z my\u015bliwym \/Zygmuntem Siedleckim\/ &#8211; Obserwator lokalny\u00a0\u00a0\u00a0 08 04 2015 Hubert\u00f3wka na sze\u015b\u0107dziesi\u0119ciolecie &#8211; Obserwator lokalny\u00a0\u00a0\u00a0 24 09 2014 Ko\u0142o \u0142owieckie &#8222;Le\u015bna Polana&#8221; [&hellip;]<\/p>\n","protected":false},"author":1,"featured_media":253,"parent":19,"menu_order":0,"comment_status":"closed","ping_status":"closed","template":"","meta":[],"yoast_head":"<!-- This site is optimized with the Yoast SEO plugin v17.1 - https:\/\/yoast.com\/wordpress\/plugins\/seo\/ -->\n<title>Napisano o Nas - Ko\u0142o \u0141owieckie &quot;Le\u015bna Polana w S\u0142awnie&quot;<\/title>\n<meta name=\"robots\" content=\"index, follow, max-snippet:-1, max-image-preview:large, max-video-preview:-1\" \/>\n<link rel=\"canonical\" href=\"http:\/\/www.lesnapolanaslawno.pl\/index.php\/kolo-lowieckie\/napisano-o-nas\/\" \/>\n<meta property=\"og:locale\" content=\"pl_PL\" \/>\n<meta property=\"og:type\" content=\"article\" \/>\n<meta property=\"og:title\" content=\"Napisano o Nas - Ko\u0142o \u0141owieckie &quot;Le\u015bna Polana w S\u0142awnie&quot;\" \/>\n<meta property=\"og:description\" content=\"Czasami informacje o naszym Kole i dzia\u0142aniach Cz\u0142onk\u00f3w naszego Ko\u0142a trafiaj\u0105 na szpalty gazet lub innych medi\u00f3w. Bardzo nas to cieszy i liczymy, \u017ce poni\u017csza lista b\u0119dzie si\u0119 nieustannie rozwija\u0142a. &nbsp; Spotkanie z my\u015bliwym \/Zygmuntem Siedleckim\/ &#8211; Obserwator lokalny\u00a0\u00a0\u00a0 08 04 2015 Hubert\u00f3wka na sze\u015b\u0107dziesi\u0119ciolecie &#8211; Obserwator lokalny\u00a0\u00a0\u00a0 24 09 2014 Ko\u0142o \u0142owieckie &#8222;Le\u015bna Polana&#8221; [&hellip;]\" \/>\n<meta property=\"og:url\" content=\"http:\/\/www.lesnapolanaslawno.pl\/index.php\/kolo-lowieckie\/napisano-o-nas\/\" \/>\n<meta property=\"og:site_name\" content=\"Ko\u0142o \u0141owieckie &quot;Le\u015bna Polana w S\u0142awnie&quot;\" \/>\n<meta property=\"article:modified_time\" content=\"2017-01-02T15:19:33+00:00\" \/>\n<meta property=\"og:image\" content=\"http:\/\/www.lesnapolanaslawno.pl\/wp-content\/uploads\/2016\/12\/jele\u0144-byk-zimowo.jpg\" \/>\n\t<meta property=\"og:image:width\" content=\"960\" \/>\n\t<meta property=\"og:image:height\" content=\"480\" \/>\n<meta name=\"twitter:card\" content=\"summary\" \/>\n<meta name=\"twitter:label1\" content=\"Szacowany czas czytania\" \/>\n\t<meta name=\"twitter:data1\" content=\"1 minuta\" \/>\n<script type=\"application\/ld+json\" class=\"yoast-schema-graph\">{\"@context\":\"https:\/\/schema.org\",\"@graph\":[{\"@type\":\"WebSite\",\"@id\":\"http:\/\/www.lesnapolanaslawno.pl\/#website\",\"url\":\"http:\/\/www.lesnapolanaslawno.pl\/\",\"name\":\"Ko\\u0142o \\u0141owieckie &quot;Le\\u015bna Polana w S\\u0142awnie&quot;\",\"description\":\"Przybli\\u017camy tematyk\\u0119 \\u0142owieck\\u0105, informujemy cz\\u0142onk\\u00f3w ko\\u0142a o bie\\u017c\\u0105cych wydarzeniach.\",\"potentialAction\":[{\"@type\":\"SearchAction\",\"target\":{\"@type\":\"EntryPoint\",\"urlTemplate\":\"http:\/\/www.lesnapolanaslawno.pl\/?s={search_term_string}\"},\"query-input\":\"required name=search_term_string\"}],\"inLanguage\":\"pl-PL\"},{\"@type\":\"ImageObject\",\"@id\":\"http:\/\/www.lesnapolanaslawno.pl\/index.php\/kolo-lowieckie\/napisano-o-nas\/#primaryimage\",\"inLanguage\":\"pl-PL\",\"url\":\"http:\/\/www.lesnapolanaslawno.pl\/wp-content\/uploads\/2016\/12\/jele\\u0144-byk-zimowo.jpg\",\"contentUrl\":\"http:\/\/www.lesnapolanaslawno.pl\/wp-content\/uploads\/2016\/12\/jele\\u0144-byk-zimowo.jpg\",\"width\":960,\"height\":480},{\"@type\":\"WebPage\",\"@id\":\"http:\/\/www.lesnapolanaslawno.pl\/index.php\/kolo-lowieckie\/napisano-o-nas\/#webpage\",\"url\":\"http:\/\/www.lesnapolanaslawno.pl\/index.php\/kolo-lowieckie\/napisano-o-nas\/\",\"name\":\"Napisano o Nas - Ko\\u0142o \\u0141owieckie &quot;Le\\u015bna Polana w S\\u0142awnie&quot;\",\"isPartOf\":{\"@id\":\"http:\/\/www.lesnapolanaslawno.pl\/#website\"},\"primaryImageOfPage\":{\"@id\":\"http:\/\/www.lesnapolanaslawno.pl\/index.php\/kolo-lowieckie\/napisano-o-nas\/#primaryimage\"},\"datePublished\":\"2016-12-08T11:46:15+00:00\",\"dateModified\":\"2017-01-02T15:19:33+00:00\",\"breadcrumb\":{\"@id\":\"http:\/\/www.lesnapolanaslawno.pl\/index.php\/kolo-lowieckie\/napisano-o-nas\/#breadcrumb\"},\"inLanguage\":\"pl-PL\",\"potentialAction\":[{\"@type\":\"ReadAction\",\"target\":[\"http:\/\/www.lesnapolanaslawno.pl\/index.php\/kolo-lowieckie\/napisano-o-nas\/\"]}]},{\"@type\":\"BreadcrumbList\",\"@id\":\"http:\/\/www.lesnapolanaslawno.pl\/index.php\/kolo-lowieckie\/napisano-o-nas\/#breadcrumb\",\"itemListElement\":[{\"@type\":\"ListItem\",\"position\":1,\"name\":\"Strona g\\u0142\\u00f3wna\",\"item\":\"http:\/\/www.lesnapolanaslawno.pl\/\"},{\"@type\":\"ListItem\",\"position\":2,\"name\":\"Ko\\u0142o \\u0141owieckie\",\"item\":\"http:\/\/www.lesnapolanaslawno.pl\/index.php\/kolo-lowieckie\/\"},{\"@type\":\"ListItem\",\"position\":3,\"name\":\"Napisano o Nas\"}]}]}<\/script>\n<!-- \/ Yoast SEO plugin. -->","yoast_head_json":{"title":"Napisano o Nas - Ko\u0142o \u0141owieckie &quot;Le\u015bna Polana w S\u0142awnie&quot;","robots":{"index":"index","follow":"follow","max-snippet":"max-snippet:-1","max-image-preview":"max-image-preview:large","max-video-preview":"max-video-preview:-1"},"canonical":"http:\/\/www.lesnapolanaslawno.pl\/index.php\/kolo-lowieckie\/napisano-o-nas\/","og_locale":"pl_PL","og_type":"article","og_title":"Napisano o Nas - Ko\u0142o \u0141owieckie &quot;Le\u015bna Polana w S\u0142awnie&quot;","og_description":"Czasami informacje o naszym Kole i dzia\u0142aniach Cz\u0142onk\u00f3w naszego Ko\u0142a trafiaj\u0105 na szpalty gazet lub innych medi\u00f3w. Bardzo nas to cieszy i liczymy, \u017ce poni\u017csza lista b\u0119dzie si\u0119 nieustannie rozwija\u0142a. &nbsp; Spotkanie z my\u015bliwym \/Zygmuntem Siedleckim\/ &#8211; Obserwator lokalny\u00a0\u00a0\u00a0 08 04 2015 Hubert\u00f3wka na sze\u015b\u0107dziesi\u0119ciolecie &#8211; Obserwator lokalny\u00a0\u00a0\u00a0 24 09 2014 Ko\u0142o \u0142owieckie &#8222;Le\u015bna Polana&#8221; [&hellip;]","og_url":"http:\/\/www.lesnapolanaslawno.pl\/index.php\/kolo-lowieckie\/napisano-o-nas\/","og_site_name":"Ko\u0142o \u0141owieckie &quot;Le\u015bna Polana w S\u0142awnie&quot;","article_modified_time":"2017-01-02T15:19:33+00:00","og_image":[{"width":960,"height":480,"url":"http:\/\/www.lesnapolanaslawno.pl\/wp-content\/uploads\/2016\/12\/jele\u0144-byk-zimowo.jpg","path":"\/home\/lesnapolkj\/www\/wp-content\/uploads\/2016\/12\/jele\u0144-byk-zimowo.jpg","size":"full","id":253,"alt":"","pixels":460800,"type":"image\/jpeg"}],"twitter_card":"summary","twitter_misc":{"Szacowany czas czytania":"1 minuta"},"schema":{"@context":"https:\/\/schema.org","@graph":[{"@type":"WebSite","@id":"http:\/\/www.lesnapolanaslawno.pl\/#website","url":"http:\/\/www.lesnapolanaslawno.pl\/","name":"Ko\u0142o \u0141owieckie &quot;Le\u015bna Polana w S\u0142awnie&quot;","description":"Przybli\u017camy tematyk\u0119 \u0142owieck\u0105, informujemy cz\u0142onk\u00f3w ko\u0142a o bie\u017c\u0105cych wydarzeniach.","potentialAction":[{"@type":"SearchAction","target":{"@type":"EntryPoint","urlTemplate":"http:\/\/www.lesnapolanaslawno.pl\/?s={search_term_string}"},"query-input":"required name=search_term_string"}],"inLanguage":"pl-PL"},{"@type":"ImageObject","@id":"http:\/\/www.lesnapolanaslawno.pl\/index.php\/kolo-lowieckie\/napisano-o-nas\/#primaryimage","inLanguage":"pl-PL","url":"http:\/\/www.lesnapolanaslawno.pl\/wp-content\/uploads\/2016\/12\/jele\u0144-byk-zimowo.jpg","contentUrl":"http:\/\/www.lesnapolanaslawno.pl\/wp-content\/uploads\/2016\/12\/jele\u0144-byk-zimowo.jpg","width":960,"height":480},{"@type":"WebPage","@id":"http:\/\/www.lesnapolanaslawno.pl\/index.php\/kolo-lowieckie\/napisano-o-nas\/#webpage","url":"http:\/\/www.lesnapolanaslawno.pl\/index.php\/kolo-lowieckie\/napisano-o-nas\/","name":"Napisano o Nas - Ko\u0142o \u0141owieckie &quot;Le\u015bna Polana w S\u0142awnie&quot;","isPartOf":{"@id":"http:\/\/www.lesnapolanaslawno.pl\/#website"},"primaryImageOfPage":{"@id":"http:\/\/www.lesnapolanaslawno.pl\/index.php\/kolo-lowieckie\/napisano-o-nas\/#primaryimage"},"datePublished":"2016-12-08T11:46:15+00:00","dateModified":"2017-01-02T15:19:33+00:00","breadcrumb":{"@id":"http:\/\/www.lesnapolanaslawno.pl\/index.php\/kolo-lowieckie\/napisano-o-nas\/#breadcrumb"},"inLanguage":"pl-PL","potentialAction":[{"@type":"ReadAction","target":["http:\/\/www.lesnapolanaslawno.pl\/index.php\/kolo-lowieckie\/napisano-o-nas\/"]}]},{"@type":"BreadcrumbList","@id":"http:\/\/www.lesnapolanaslawno.pl\/index.php\/kolo-lowieckie\/napisano-o-nas\/#breadcrumb","itemListElement":[{"@type":"ListItem","position":1,"name":"Strona g\u0142\u00f3wna","item":"http:\/\/www.lesnapolanaslawno.pl\/"},{"@type":"ListItem","position":2,"name":"Ko\u0142o \u0141owieckie","item":"http:\/\/www.lesnapolanaslawno.pl\/index.php\/kolo-lowieckie\/"},{"@type":"ListItem","position":3,"name":"Napisano o Nas"}]}]}},"_links":{"self":[{"href":"http:\/\/www.lesnapolanaslawno.pl\/index.php\/wp-json\/wp\/v2\/pages\/62"}],"collection":[{"href":"http:\/\/www.lesnapolanaslawno.pl\/index.php\/wp-json\/wp\/v2\/pages"}],"about":[{"href":"http:\/\/www.lesnapolanaslawno.pl\/index.php\/wp-json\/wp\/v2\/types\/page"}],"author":[{"embeddable":true,"href":"http:\/\/www.lesnapolanaslawno.pl\/index.php\/wp-json\/wp\/v2\/users\/1"}],"replies":[{"embeddable":true,"href":"http:\/\/www.lesnapolanaslawno.pl\/index.php\/wp-json\/wp\/v2\/comments?post=62"}],"version-history":[{"count":6,"href":"http:\/\/www.lesnapolanaslawno.pl\/index.php\/wp-json\/wp\/v2\/pages\/62\/revisions"}],"predecessor-version":[{"id":366,"href":"http:\/\/www.lesnapolanaslawno.pl\/index.php\/wp-json\/wp\/v2\/pages\/62\/revisions\/366"}],"up":[{"embeddable":true,"href":"http:\/\/www.lesnapolanaslawno.pl\/index.php\/wp-json\/wp\/v2\/pages\/19"}],"wp:featuredmedia":[{"embeddable":true,"href":"http:\/\/www.lesnapolanaslawno.pl\/index.php\/wp-json\/wp\/v2\/media\/253"}],"wp:attachment":[{"href":"http:\/\/www.lesnapolanaslawno.pl\/index.php\/wp-json\/wp\/v2\/media?parent=62"}],"curies":[{"name":"wp","href":"https:\/\/api.w.org\/{rel}","templated":true}]}}