{"id":26,"date":"2017-01-02T13:32:51","date_gmt":"2017-01-02T12:32:51","guid":{"rendered":"http:\/\/www.lesnapolanaslawno.pl\/?page_id=26"},"modified":"2017-01-02T13:42:07","modified_gmt":"2017-01-02T12:42:07","slug":"historia","status":"publish","type":"page","link":"http:\/\/www.lesnapolanaslawno.pl\/index.php\/kolo-lowieckie\/historia\/","title":{"rendered":"Historia"},"content":{"rendered":"<p><b>POCZ\u0104TKI&#8230;<\/b><\/p>\n<p><b>W dniu 1 kwietnia 1954 roku<\/b> zosta\u0142y podpisane przez Zarz\u0105d Ko\u0142a umowy dzier\u017cawne na obw\u00f3d \u0142owiecki nr 35 [ obecnie nr 95 ] o pow. 7 390 ha oraz na ob. \u0142ow. nr 32 [ obecnie nr 19s ] o pow. 7 040 ha.<\/p>\n<p>Od tego czasu liczy si\u0119 statutowa dzia\u0142alno\u015b\u0107 naszego Ko\u0142a.<\/p>\n<p>A zanim dosz\u0142o do podpisania um\u00f3w dzier\u017cawnych by\u0142o tak&#8230;<\/p>\n<p>Ju\u017c w pierwszym roku po wyzwoleniu osadnicy-my\u015bliwi zrzeszaj\u0105 si\u0119 w Powiatowym Kole \u0141owieckim w S\u0142awnie, kt\u00f3re istnia\u0142o do ko\u0144ca 1948 r. Od 1 stycznia 1949 r. na terenie S\u0142awna powstaje Stowarzyszenie My\u015bliwych &#8222;Jurand ze Spychowa&#8221;. W 1953 r. powstaj\u0105 Ko\u0142a nr 1,2 i 3 w S\u0142awnie oraz trzy ko\u0142a zamiejscowe. Powiatowa Rada \u0141owiecka w S\u0142awnie przydziela cz\u0142onk\u00f3w PZ\u0141 do poszczeg\u00f3lnych k\u00f3\u0142.<br \/>\nDo ko\u0142a nr 2 przydzieleni zostali nast\u0119puj\u0105cy my\u015bliwi: Leopold Szewczykowski &#8211; S\u0142awno, Ignacy Paczkowski &#8211; S\u0142awno, Jan Cicho\u0144ski &#8211; -S\u0142awno, Stefan Kurowski &#8211; Red\u0119cino, Stanis\u0142aw Grabowski &#8211; Baniewo, Plemkun &#8211; Wiekowo, Afuasik &#8211; S\u0142awno, Szczygie\u0142 &#8211; Pomi\u0142owo, ? Jan Kos &#8211; Gwiazd\u00f3wko, I. Szyma\u0144ski &#8211; Korzybie, Garbada, Zapolski, \u017bbik.<\/p>\n<p>Na pierwszym zebraniu organizacyjnym powo\u0142ano Zarz\u0105d Ko\u0142a w sk\u0142adzie:<\/p>\n<p>Leopold Szewczykowski &#8211; prezes<\/p>\n<p>Ignacy Paczkowski &#8211; \u0142owczy<\/p>\n<p>Jan Cicho\u0144ski &#8211; sekretarz.<\/p>\n<p>Przyj\u0119to r\u00f3wnie\u017c nazw\u0119 ko\u0142a &#8222;Le\u015bna Polana&#8221;, a tak\u017ce podpisano Statut Zarz\u0105du Ko\u0142a.<\/p>\n<p>Wydzier\u017cawione obwody by\u0142y niezagospodarowane. Brak w nich by\u0142o urz\u0105dze\u0144 \u0142owieckich. Zagospodarowanie tych\u017ce \u0142owisk stanowi\u0142o problem, kt\u00f3ry szybko zosta\u0142 przez zarz\u0105d rozwi\u0105zany. W obwodzie nr 35 postawiono wiele pa\u015bnik\u00f3w, piwnic i ambon. W te prace bardzo zaanga\u017cowa\u0142 si\u0119 kol. J. Cicho\u0144ski &#8211; sekretarz i p\u00f3\u017aniejszy \u0142owczy ko\u0142a. Do prac w\u0142\u0105czono tak\u017ce sta\u017cyst\u00f3w.<\/p>\n<p>W dniu 20.08.1954 r. zostaje powo\u0142ana komisja likwidacyjna ds. maj\u0105tku stowarzyszenia w sk\u0142adzie: J. Cicho\u0144ski &#8211; przedstawiciel Ko\u0142a nr 2, B. Cicho\u0144ski &#8211; przedstawiciel Ko\u0142a &#8222;Jurand ze Spychowa&#8221; i L. Rzepczy\u0144ski &#8211; przedstawiciel Ko\u0142a nr 3. Komisja dokona\u0142a podzia\u0142u maj\u0105tku. Ko\u0142u &#8222;Le\u015bna Polana&#8221; przypad\u0142a kwota 1927 z\u0142 10 gr. By\u0142y to zbyt ma\u0142e pieni\u0105dze, aby ko\u0142o mog\u0142o sprawnie funkcjonowa\u0107.<\/p>\n<p>Ju\u017c wtedy pojawi\u0142y si\u0119 problemy dyscyplinarne. Wielu my\u015bliwych nie bra\u0142o udzia\u0142u w pracach na rzecz ko\u0142a. W zwi\u0105zku z tym skre\u015blono ich z listy cz\u0142onk\u00f3w. Pozosta\u0142o tylko sze\u015bciu cz\u0142onk\u00f3w, a statutowo powinno by\u0107 minimum o\u015bmiu. Zarz\u0105d zwerbowa\u0142 do ko\u0142a Z. Rakowskiego, R. Krzaczkowskiego, W. Kurzynog\u0119, W. Zieli\u0144skiego, A. Brewk\u0119, Z Czerwi\u0144skiego.<\/p>\n<p>W 1956 r. do ko\u0142a wst\u0119puje grupa le\u015bnik\u00f3w: Andrzej R\u00f3\u017cycki, Zygmunt Ko\u0142odziej, Leonard Wiklicki, Tadeusz Bojanowski, Boles\u0142aw Szymczak, J\u00f3zef Domaros, Feliks Pestka. Ta stosunkowo liczna grupa my\u015bliwych &#8211; le\u015bnik\u00f3w mia\u0142a du\u017cy wp\u0142yw na zagospodarowanie i ochron\u0119 \u0142owisk.<br \/>\nJu\u017c na pierwszym polowaniu hubertowskim z udzia\u0142em my\u015bliwych &#8211; le\u015bnik\u00f3w w 1958 r. na rozk\u0142adzie by\u0142o 9 dzik\u00f3w. Kol. Z. Ko\u0142odziej zosta\u0142 pasowany na rycerza \u015bw. Huberta.<\/p>\n<p>Lata 50-te i 60-te nie obfitowa\u0142y w wysokie stany zwierzyny p\u0142owej. Planowano w\u00f3wczas na obw. nr 35 do odstrza\u0142u 5 jeleni byk\u00f3w, 8 \u0142a\u0144, 3 ciel\u0119ta, 5 rogaczy, kilka k\u00f3z i 20 dzik\u00f3w. Wykonanie odstrza\u0142u rzadko by\u0142o 100%-owe. Z biegiem lat, kiedy funkcj\u0119 \u0142owczego obj\u0105\u0142 kol. A. R\u00f3\u017cycki, sytuacja zacz\u0119\u0142a si\u0119 systematycznie poprawia\u0107. Priorytetem by\u0142o wtedy zagospodarowanie \u0142owisk. Zwracano wi\u0119ksz\u0105 uwag\u0119 na wa\u0142\u0119saj\u0105ce si\u0119, bezpa\u0144skie psy i podejmowano skuteczne dzia\u0142ania do walki z tym zjawiskiem.<\/p>\n<p>Nasze ko\u0142o jako pierwsze na Pomorzu zacz\u0119\u0142o organizowa\u0107 polowania dewizowe. Zach\u0119caj\u0105ce by\u0142y efekty tych polowa\u0144, czyli finansowe korzy\u015bci. W naszych \u0142owiskach zacz\u0119\u0142y si\u0119 pojawia\u0107 pi\u0119kne okazy jeleni-byk\u00f3w, rogaczy, dzik\u00f3w. Nast\u0105pi\u0142 wzrost zainteresowania polowaniami dewizowymi. My\u015bliwi z Austrii wywie\u017ali z naszych \u0142owisk pi\u0119kne trofea. My\u015bliwy Erich Kraft upolowa\u0142 jelenia-byka, kt\u00f3rego trofeum wa\u017cy\u0142o 8,40 kg, Karl Mostl &#8211; 7,80 kg, Alojzy Heinzinger &#8211; 9,20 kg, a my\u015bliwy z Danii pozyska\u0142 sarn\u0119 rogacza z parostkami o wadze 510 g.<!--more--><\/p>\n<p>W 1970 r. na Walnym Zgromadzeniu Ko\u0142a wybrano nowy zarz\u0105d w sk\u0142adzie:<\/p>\n<p>Stanis\u0142aw Szyszko &#8211; prezes,<\/p>\n<p>Zygmunt Ko\u0142odziej &#8211; \u0142owczy,<\/p>\n<p>Jerzy Caban &#8211; sekretarz,<\/p>\n<p>Leonard Wiklicki \u2013 skarbnik.<\/p>\n<p>Podczas spotka\u0144 na polowaniach zbiorowych rygorystycznie przestrzega si\u0119 zwyczaj\u00f3w i obyczaj\u00f3w my\u015bliwskich, uczy szacunku do tradycji \u0142owieckich, etyki wobec zwierzyny i wobec koleg\u00f3w nawzajem.<\/p>\n<p>W 1981 r. Walne Zgromadzenie Ko\u0142a wybiera zarz\u0105d w sk\u0142adzie:<\/p>\n<p>Stanis\u0142aw Kotowicz &#8211; prezes,<\/p>\n<p>Zygmunt Ko\u0142odziej &#8211; \u0142owczy,<\/p>\n<p>Stanis\u0142aw \u017bukowski &#8211; sekretarz,<\/p>\n<p>Leonard Wiklicki &#8211; skarbnik.<\/p>\n<p>W 1983 r. Walne Zgromadzenie Ko\u0142a wybiera zarz\u0105d w sk\u0142adzie:<\/p>\n<p>Jerzy Caban &#8211; prezes,<\/p>\n<p>Zygmunt Ko\u0142odziej &#8211; \u0142owczy,<\/p>\n<p>Stanis\u0142aw \u017bukowski &#8211; sekretarz,<\/p>\n<p>Leonard Wiklicki &#8211; skarbnik.<\/p>\n<p>W 1986 r. Walne Zgromadzenie Ko\u0142a wybiera zarz\u0105d w sk\u0142adzie:<\/p>\n<p>Jerzy Caban &#8211; prezes,<\/p>\n<p>Zygmunt Ko\u0142odziej &#8211; \u0142owczy,<\/p>\n<p>Stanis\u0142aw \u017bukowski &#8211; sekretarz,<\/p>\n<p>Jan Cicho\u0144ski \u2013 skarbnik.<\/p>\n<p>W 1989 r. oraz w 1992 r. Walne Zgromadzenie Ko\u0142a wybiera zarz\u0105d w sk\u0142adzie:<\/p>\n<p>Jerzy Caban &#8211; prezes,<\/p>\n<p>Zygmunt Ko\u0142odziej &#8211; \u0142owczy,<\/p>\n<p>Stanis\u0142aw \u017bukowski &#8211; sekretarz,<\/p>\n<p>Jan Cicho\u0144ski \u2013 skarbnik.<\/p>\n<p>19 listopada 1994 r. odby\u0142y si\u0119 uroczysto\u015bci 40-lecia naszego Ko\u0142a. Sygna\u0142 &#8222;Powitanie&#8221;, zgrany przez sygnalist\u00f3w z Akademii Rolniczej w Poznaniu, rozpocz\u0105\u0142 cz\u0119\u015b\u0107 oficjaln\u0105 uroczysto\u015bci. By\u0142y przem\u00f3wienia i wspomnienia. Ka\u017cdy z my\u015bliwych otrzyma\u0142 pami\u0105tkow\u0105 statuetk\u0119 rogacza.<\/p>\n<p>W 1995 r. Walne Zgromadzenie Ko\u0142a wybiera zarz\u0105d w sk\u0142adzie:<\/p>\n<p>January Wysocki &#8211; prezes,<\/p>\n<p>Jan Cicho\u0144ski &#8211; \u0142owczy,<\/p>\n<p>Ryszard Jakubas &#8211; z-ca \u0142owczego,<\/p>\n<p>Jerzy Henicz &#8211; sekretarz,<\/p>\n<p>Pawe\u0142 Placha &#8211; skarbnik.<\/p>\n<p>W 1997 r. Nadzwyczajne Walne Zgromadzenie Ko\u0142a wybiera zarz\u0105d w sk\u0142adzie:<\/p>\n<p>Stanis\u0142aw Szyszko &#8211; prezes,<\/p>\n<p>Zygmunt Ko\u0142odziej &#8211; \u0142owczy,<\/p>\n<p>Marek \u017bukowski &#8211; sekretarz,<\/p>\n<p>Irena Pielecka \u2013 skarbnik.<\/p>\n<p>W 2000 r. Walne Zgromadzenie Ko\u0142a dokonuje zmiany w sk\u0142adzie zarz\u0105du:<\/p>\n<p>Jan Cicho\u0144ski &#8211; prezes,<\/p>\n<p>Zygmunt Ko\u0142odziej &#8211; \u0142owczy,<\/p>\n<p>Pawe\u0142 Placha &#8211; z-ca \u0142owczego,<\/p>\n<p>Jerzy Henicz &#8211; sekretarz,<\/p>\n<p>Irena Pielecka &#8211; skarbnik.<\/p>\n<p>Z uwagi na \u015bmier\u0107 kol. Jana Cicho\u0144skiego &#8211; wieloletniego Cz\u0142onka Zarz\u0105du i Prezesa Ko\u0142a, 31 maja 2003 r. odby\u0142y si\u0119 wybory uzupe\u0142niaj\u0105ce na stanowisko Prezesa Ko\u0142a. Jednog\u0142o\u015bnie wybrany zosta\u0142 kol. Stanis\u0142aw Szyszko.<\/p>\n<p>Postanowieniem Prezydenta Rzeczypospolitej Polskiej Aleksandra Kwa\u015bniewskiego z 26 maja 2003 r. kol. Zygmunt Ko\u0142odziej &#8211; \u0142owczy otrzyma\u0142 Krzy\u017c Zas\u0142ugi.<\/p>\n<p>28 sierpnia 2004 r. w Warcinie odby\u0142y si\u0119 uroczysto\u015bci 50-lecia naszego ko\u0142a. Zacz\u0119\u0142o si\u0119 od odegrania przez sygnalist\u00f3w &#8222;Powitania&#8221;. Prezes OR\u0141 w S\u0142upsku, kol. Jerzy Baranowicz odczyta\u0142 Akt Nadania Sztandaru. Po symbolicznym wbiciu gwo\u017adzi sztandar zosta\u0142 przekazany na r\u0119ce prezesa naszego ko\u0142a, kol. Stanis\u0142awa Szyszki. Sztandar nasz otrzyma\u0142 odznaczenie &#8222;Z\u0142oty Medal Zas\u0142ugi \u0141owieckiej&#8221;. Dekoracji dokona\u0142 Pose\u0142 na Sejm RP W\u0142adys\u0142aw Szkop.<\/p>\n<p>Kolejnym punktem obchod\u00f3w by\u0142o po\u015bwi\u0119cenie Sztandaru. Odby\u0142o si\u0119 to podczas Mszy \u015awi\u0119tej w miejscowym ko\u015bciele p.w. \u015bw. Huberta w Warcinie. Po cz\u0119\u015bci oficjalnej cz\u0142onkowie ko\u0142a i zaproszeni go\u015bcie wzi\u0119li udzia\u0142 w uroczystej kolacji w Technikum Le\u015bnym w Warcinie.<\/p>\n<p>W 2005 r. Walne Zgromadzenie Ko\u0142a wybiera zarz\u0105d w sk\u0142adzie:<\/p>\n<p>Stanis\u0142aw Szyszko &#8211; prezes,<\/p>\n<p>Zygmunt Ko\u0142odziej &#8211; \u0142owczy,<\/p>\n<p>Pawe\u0142 Placha &#8211; z-ca \u0142owczego,<\/p>\n<p>Eugeniusz Szymczak &#8211; sekretarz,<\/p>\n<p>Tadeusz G\u0142uszek \u2013 skarbnik.<\/p>\n<p>W 2007 r. Walne Zgromadzenie Ko\u0142a dokonuje zmiany na stanowisku Prezesa Zarz\u0105du. Nowym prezesem zostaje kol. Irena Pielecka.<\/p>\n<p><span style=\"color: #e78e05;\"><em>Ca\u0142a oraz dalsza historia naszego Ko\u0142a dost\u0119pna jest w Kronice Ko\u0142a znajduj\u0105cej si\u0119 w siedzibie Ko\u0142a w Tychowie.<\/em><\/span><\/p>\n","protected":false},"excerpt":{"rendered":"<p>POCZ\u0104TKI&#8230; W dniu 1 kwietnia 1954 roku zosta\u0142y podpisane przez Zarz\u0105d Ko\u0142a umowy dzier\u017cawne na obw\u00f3d \u0142owiecki nr 35 [ obecnie nr 95 ] o pow. 7 390 ha oraz na ob. \u0142ow. nr 32 [ obecnie nr 19s ] o pow. 7 040 ha. Od tego czasu liczy si\u0119 statutowa dzia\u0142alno\u015b\u0107 naszego Ko\u0142a. A [&hellip;]<\/p>\n","protected":false},"author":1,"featured_media":0,"parent":19,"menu_order":0,"comment_status":"closed","ping_status":"closed","template":"","meta":[],"yoast_head":"<!-- This site is optimized with the Yoast SEO plugin v17.1 - https:\/\/yoast.com\/wordpress\/plugins\/seo\/ -->\n<title>Historia - Ko\u0142o \u0141owieckie &quot;Le\u015bna Polana w S\u0142awnie&quot;<\/title>\n<meta name=\"robots\" content=\"index, follow, max-snippet:-1, max-image-preview:large, max-video-preview:-1\" \/>\n<link rel=\"canonical\" href=\"http:\/\/www.lesnapolanaslawno.pl\/index.php\/kolo-lowieckie\/historia\/\" \/>\n<meta property=\"og:locale\" content=\"pl_PL\" \/>\n<meta property=\"og:type\" content=\"article\" \/>\n<meta property=\"og:title\" content=\"Historia - Ko\u0142o \u0141owieckie &quot;Le\u015bna Polana w S\u0142awnie&quot;\" \/>\n<meta property=\"og:description\" content=\"POCZ\u0104TKI&#8230; W dniu 1 kwietnia 1954 roku zosta\u0142y podpisane przez Zarz\u0105d Ko\u0142a umowy dzier\u017cawne na obw\u00f3d \u0142owiecki nr 35 [ obecnie nr 95 ] o pow. 7 390 ha oraz na ob. \u0142ow. nr 32 [ obecnie nr 19s ] o pow. 7 040 ha. Od tego czasu liczy si\u0119 statutowa dzia\u0142alno\u015b\u0107 naszego Ko\u0142a. A [&hellip;]\" \/>\n<meta property=\"og:url\" content=\"http:\/\/www.lesnapolanaslawno.pl\/index.php\/kolo-lowieckie\/historia\/\" \/>\n<meta property=\"og:site_name\" content=\"Ko\u0142o \u0141owieckie &quot;Le\u015bna Polana w S\u0142awnie&quot;\" \/>\n<meta property=\"article:modified_time\" content=\"2017-01-02T12:42:07+00:00\" \/>\n<meta property=\"og:image\" content=\"http:\/\/www.lesnapolanaslawno.pl\/wp-content\/uploads\/2016\/11\/cropped-18_3-krzy\u017c-\u015bw.-Huberta.jpg\" \/>\n\t<meta property=\"og:image:width\" content=\"512\" \/>\n\t<meta property=\"og:image:height\" content=\"512\" \/>\n<meta name=\"twitter:card\" content=\"summary\" \/>\n<meta name=\"twitter:label1\" content=\"Szacowany czas czytania\" \/>\n\t<meta name=\"twitter:data1\" content=\"7 minut\" \/>\n<script type=\"application\/ld+json\" class=\"yoast-schema-graph\">{\"@context\":\"https:\/\/schema.org\",\"@graph\":[{\"@type\":\"WebSite\",\"@id\":\"http:\/\/www.lesnapolanaslawno.pl\/#website\",\"url\":\"http:\/\/www.lesnapolanaslawno.pl\/\",\"name\":\"Ko\\u0142o \\u0141owieckie &quot;Le\\u015bna Polana w S\\u0142awnie&quot;\",\"description\":\"Przybli\\u017camy tematyk\\u0119 \\u0142owieck\\u0105, informujemy cz\\u0142onk\\u00f3w ko\\u0142a o bie\\u017c\\u0105cych wydarzeniach.\",\"potentialAction\":[{\"@type\":\"SearchAction\",\"target\":{\"@type\":\"EntryPoint\",\"urlTemplate\":\"http:\/\/www.lesnapolanaslawno.pl\/?s={search_term_string}\"},\"query-input\":\"required name=search_term_string\"}],\"inLanguage\":\"pl-PL\"},{\"@type\":\"WebPage\",\"@id\":\"http:\/\/www.lesnapolanaslawno.pl\/index.php\/kolo-lowieckie\/historia\/#webpage\",\"url\":\"http:\/\/www.lesnapolanaslawno.pl\/index.php\/kolo-lowieckie\/historia\/\",\"name\":\"Historia - Ko\\u0142o \\u0141owieckie &quot;Le\\u015bna Polana w S\\u0142awnie&quot;\",\"isPartOf\":{\"@id\":\"http:\/\/www.lesnapolanaslawno.pl\/#website\"},\"datePublished\":\"2017-01-02T12:32:51+00:00\",\"dateModified\":\"2017-01-02T12:42:07+00:00\",\"breadcrumb\":{\"@id\":\"http:\/\/www.lesnapolanaslawno.pl\/index.php\/kolo-lowieckie\/historia\/#breadcrumb\"},\"inLanguage\":\"pl-PL\",\"potentialAction\":[{\"@type\":\"ReadAction\",\"target\":[\"http:\/\/www.lesnapolanaslawno.pl\/index.php\/kolo-lowieckie\/historia\/\"]}]},{\"@type\":\"BreadcrumbList\",\"@id\":\"http:\/\/www.lesnapolanaslawno.pl\/index.php\/kolo-lowieckie\/historia\/#breadcrumb\",\"itemListElement\":[{\"@type\":\"ListItem\",\"position\":1,\"name\":\"Strona g\\u0142\\u00f3wna\",\"item\":\"http:\/\/www.lesnapolanaslawno.pl\/\"},{\"@type\":\"ListItem\",\"position\":2,\"name\":\"Ko\\u0142o \\u0141owieckie\",\"item\":\"http:\/\/www.lesnapolanaslawno.pl\/index.php\/kolo-lowieckie\/\"},{\"@type\":\"ListItem\",\"position\":3,\"name\":\"Historia\"}]}]}<\/script>\n<!-- \/ Yoast SEO plugin. -->","yoast_head_json":{"title":"Historia - Ko\u0142o \u0141owieckie &quot;Le\u015bna Polana w S\u0142awnie&quot;","robots":{"index":"index","follow":"follow","max-snippet":"max-snippet:-1","max-image-preview":"max-image-preview:large","max-video-preview":"max-video-preview:-1"},"canonical":"http:\/\/www.lesnapolanaslawno.pl\/index.php\/kolo-lowieckie\/historia\/","og_locale":"pl_PL","og_type":"article","og_title":"Historia - Ko\u0142o \u0141owieckie &quot;Le\u015bna Polana w S\u0142awnie&quot;","og_description":"POCZ\u0104TKI&#8230; W dniu 1 kwietnia 1954 roku zosta\u0142y podpisane przez Zarz\u0105d Ko\u0142a umowy dzier\u017cawne na obw\u00f3d \u0142owiecki nr 35 [ obecnie nr 95 ] o pow. 7 390 ha oraz na ob. \u0142ow. nr 32 [ obecnie nr 19s ] o pow. 7 040 ha. Od tego czasu liczy si\u0119 statutowa dzia\u0142alno\u015b\u0107 naszego Ko\u0142a. A [&hellip;]","og_url":"http:\/\/www.lesnapolanaslawno.pl\/index.php\/kolo-lowieckie\/historia\/","og_site_name":"Ko\u0142o \u0141owieckie &quot;Le\u015bna Polana w S\u0142awnie&quot;","article_modified_time":"2017-01-02T12:42:07+00:00","og_image":[{"width":512,"height":512,"url":"http:\/\/www.lesnapolanaslawno.pl\/wp-content\/uploads\/2016\/11\/cropped-18_3-krzy\u017c-\u015bw.-Huberta.jpg","path":"\/home\/lesnapolkj\/www\/wp-content\/uploads\/2016\/11\/cropped-18_3-krzy\u017c-\u015bw.-Huberta.jpg","size":"full","id":13,"alt":"","pixels":262144,"type":"image\/jpeg"}],"twitter_card":"summary","twitter_misc":{"Szacowany czas czytania":"7 minut"},"schema":{"@context":"https:\/\/schema.org","@graph":[{"@type":"WebSite","@id":"http:\/\/www.lesnapolanaslawno.pl\/#website","url":"http:\/\/www.lesnapolanaslawno.pl\/","name":"Ko\u0142o \u0141owieckie &quot;Le\u015bna Polana w S\u0142awnie&quot;","description":"Przybli\u017camy tematyk\u0119 \u0142owieck\u0105, informujemy cz\u0142onk\u00f3w ko\u0142a o bie\u017c\u0105cych wydarzeniach.","potentialAction":[{"@type":"SearchAction","target":{"@type":"EntryPoint","urlTemplate":"http:\/\/www.lesnapolanaslawno.pl\/?s={search_term_string}"},"query-input":"required name=search_term_string"}],"inLanguage":"pl-PL"},{"@type":"WebPage","@id":"http:\/\/www.lesnapolanaslawno.pl\/index.php\/kolo-lowieckie\/historia\/#webpage","url":"http:\/\/www.lesnapolanaslawno.pl\/index.php\/kolo-lowieckie\/historia\/","name":"Historia - Ko\u0142o \u0141owieckie &quot;Le\u015bna Polana w S\u0142awnie&quot;","isPartOf":{"@id":"http:\/\/www.lesnapolanaslawno.pl\/#website"},"datePublished":"2017-01-02T12:32:51+00:00","dateModified":"2017-01-02T12:42:07+00:00","breadcrumb":{"@id":"http:\/\/www.lesnapolanaslawno.pl\/index.php\/kolo-lowieckie\/historia\/#breadcrumb"},"inLanguage":"pl-PL","potentialAction":[{"@type":"ReadAction","target":["http:\/\/www.lesnapolanaslawno.pl\/index.php\/kolo-lowieckie\/historia\/"]}]},{"@type":"BreadcrumbList","@id":"http:\/\/www.lesnapolanaslawno.pl\/index.php\/kolo-lowieckie\/historia\/#breadcrumb","itemListElement":[{"@type":"ListItem","position":1,"name":"Strona g\u0142\u00f3wna","item":"http:\/\/www.lesnapolanaslawno.pl\/"},{"@type":"ListItem","position":2,"name":"Ko\u0142o \u0141owieckie","item":"http:\/\/www.lesnapolanaslawno.pl\/index.php\/kolo-lowieckie\/"},{"@type":"ListItem","position":3,"name":"Historia"}]}]}},"_links":{"self":[{"href":"http:\/\/www.lesnapolanaslawno.pl\/index.php\/wp-json\/wp\/v2\/pages\/26"}],"collection":[{"href":"http:\/\/www.lesnapolanaslawno.pl\/index.php\/wp-json\/wp\/v2\/pages"}],"about":[{"href":"http:\/\/www.lesnapolanaslawno.pl\/index.php\/wp-json\/wp\/v2\/types\/page"}],"author":[{"embeddable":true,"href":"http:\/\/www.lesnapolanaslawno.pl\/index.php\/wp-json\/wp\/v2\/users\/1"}],"replies":[{"embeddable":true,"href":"http:\/\/www.lesnapolanaslawno.pl\/index.php\/wp-json\/wp\/v2\/comments?post=26"}],"version-history":[{"count":5,"href":"http:\/\/www.lesnapolanaslawno.pl\/index.php\/wp-json\/wp\/v2\/pages\/26\/revisions"}],"predecessor-version":[{"id":341,"href":"http:\/\/www.lesnapolanaslawno.pl\/index.php\/wp-json\/wp\/v2\/pages\/26\/revisions\/341"}],"up":[{"embeddable":true,"href":"http:\/\/www.lesnapolanaslawno.pl\/index.php\/wp-json\/wp\/v2\/pages\/19"}],"wp:attachment":[{"href":"http:\/\/www.lesnapolanaslawno.pl\/index.php\/wp-json\/wp\/v2\/media?parent=26"}],"curies":[{"name":"wp","href":"https:\/\/api.w.org\/{rel}","templated":true}]}}