{"id":168,"date":"2016-12-02T18:44:19","date_gmt":"2016-12-02T17:44:19","guid":{"rendered":"http:\/\/www.lesnapolanaslawno.pl\/?page_id=168"},"modified":"2016-12-08T13:17:25","modified_gmt":"2016-12-08T12:17:25","slug":"rok-2014-cz","status":"publish","type":"page","link":"http:\/\/www.lesnapolanaslawno.pl\/index.php\/dla-czlonkow-kola\/galeria-mysliwska\/rok-2014-cz\/","title":{"rendered":"> Rok 2014 Cz"},"content":{"rendered":"","protected":true},"excerpt":{"rendered":"","protected":true},"author":1,"featured_media":169,"parent":154,"menu_order":0,"comment_status":"closed","ping_status":"closed","template":"","meta":[],"yoast_head":"<!-- This site is optimized with the Yoast SEO plugin v17.1 - https:\/\/yoast.com\/wordpress\/plugins\/seo\/ -->\n<title>&gt; Rok 2014 Cz - Ko\u0142o \u0141owieckie &quot;Le\u015bna Polana w S\u0142awnie&quot;<\/title>\n<meta name=\"robots\" content=\"index, follow, max-snippet:-1, max-image-preview:large, max-video-preview:-1\" \/>\n<link rel=\"canonical\" href=\"https:\/\/www.lesnapolanaslawno.pl\/index.php\/dla-czlonkow-kola\/galeria-mysliwska\/rok-2014-cz\/\" \/>\n<meta property=\"og:locale\" content=\"pl_PL\" \/>\n<meta property=\"og:type\" content=\"article\" \/>\n<meta property=\"og:title\" content=\"&gt; Rok 2014 Cz - Ko\u0142o \u0141owieckie &quot;Le\u015bna Polana w S\u0142awnie&quot;\" \/>\n<meta property=\"og:description\" content=\"Brak zajawki, poniewa\u017c wpis jest zabezpieczony has\u0142em.\" \/>\n<meta property=\"og:url\" content=\"https:\/\/www.lesnapolanaslawno.pl\/index.php\/dla-czlonkow-kola\/galeria-mysliwska\/rok-2014-cz\/\" \/>\n<meta property=\"og:site_name\" content=\"Ko\u0142o \u0141owieckie &quot;Le\u015bna Polana w S\u0142awnie&quot;\" \/>\n<meta property=\"article:modified_time\" content=\"2016-12-08T12:17:25+00:00\" \/>\n<meta name=\"twitter:card\" content=\"summary\" \/>\n<script type=\"application\/ld+json\" class=\"yoast-schema-graph\">{\"@context\":\"https:\/\/schema.org\",\"@graph\":[{\"@type\":\"WebSite\",\"@id\":\"https:\/\/www.lesnapolanaslawno.pl\/#website\",\"url\":\"https:\/\/www.lesnapolanaslawno.pl\/\",\"name\":\"Ko\\u0142o \\u0141owieckie &quot;Le\\u015bna Polana w S\\u0142awnie&quot;\",\"description\":\"Przybli\\u017camy tematyk\\u0119 \\u0142owieck\\u0105, informujemy cz\\u0142onk\\u00f3w ko\\u0142a o bie\\u017c\\u0105cych wydarzeniach.\",\"potentialAction\":[{\"@type\":\"SearchAction\",\"target\":{\"@type\":\"EntryPoint\",\"urlTemplate\":\"https:\/\/www.lesnapolanaslawno.pl\/?s={search_term_string}\"},\"query-input\":\"required name=search_term_string\"}],\"inLanguage\":\"pl-PL\"},{\"@type\":\"WebPage\",\"@id\":\"https:\/\/www.lesnapolanaslawno.pl\/index.php\/dla-czlonkow-kola\/galeria-mysliwska\/rok-2014-cz\/#webpage\",\"url\":\"https:\/\/www.lesnapolanaslawno.pl\/index.php\/dla-czlonkow-kola\/galeria-mysliwska\/rok-2014-cz\/\",\"name\":\"> Rok 2014 Cz - Ko\\u0142o \\u0141owieckie &quot;Le\\u015bna Polana w S\\u0142awnie&quot;\",\"isPartOf\":{\"@id\":\"https:\/\/www.lesnapolanaslawno.pl\/#website\"},\"datePublished\":\"2016-12-02T17:44:19+00:00\",\"dateModified\":\"2016-12-08T12:17:25+00:00\",\"breadcrumb\":{\"@id\":\"https:\/\/www.lesnapolanaslawno.pl\/index.php\/dla-czlonkow-kola\/galeria-mysliwska\/rok-2014-cz\/#breadcrumb\"},\"inLanguage\":\"pl-PL\"}]}<\/script>\n<!-- \/ Yoast SEO plugin. -->","yoast_head_json":{"title":"> Rok 2014 Cz - Ko\u0142o \u0141owieckie &quot;Le\u015bna Polana w S\u0142awnie&quot;","robots":{"index":"index","follow":"follow","max-snippet":"max-snippet:-1","max-image-preview":"max-image-preview:large","max-video-preview":"max-video-preview:-1"},"canonical":"https:\/\/www.lesnapolanaslawno.pl\/index.php\/dla-czlonkow-kola\/galeria-mysliwska\/rok-2014-cz\/","og_locale":"pl_PL","og_type":"article","og_title":"> Rok 2014 Cz - Ko\u0142o \u0141owieckie &quot;Le\u015bna Polana w S\u0142awnie&quot;","og_description":"Brak zajawki, poniewa\u017c wpis jest zabezpieczony has\u0142em.","og_url":"https:\/\/www.lesnapolanaslawno.pl\/index.php\/dla-czlonkow-kola\/galeria-mysliwska\/rok-2014-cz\/","og_site_name":"Ko\u0142o \u0141owieckie &quot;Le\u015bna Polana w S\u0142awnie&quot;","article_modified_time":"2016-12-08T12:17:25+00:00","twitter_card":"summary","schema":{"@context":"https:\/\/schema.org","@graph":[{"@type":"WebSite","@id":"https:\/\/www.lesnapolanaslawno.pl\/#website","url":"https:\/\/www.lesnapolanaslawno.pl\/","name":"Ko\u0142o \u0141owieckie &quot;Le\u015bna Polana w S\u0142awnie&quot;","description":"Przybli\u017camy tematyk\u0119 \u0142owieck\u0105, informujemy cz\u0142onk\u00f3w ko\u0142a o bie\u017c\u0105cych wydarzeniach.","potentialAction":[{"@type":"SearchAction","target":{"@type":"EntryPoint","urlTemplate":"https:\/\/www.lesnapolanaslawno.pl\/?s={search_term_string}"},"query-input":"required name=search_term_string"}],"inLanguage":"pl-PL"},{"@type":"WebPage","@id":"https:\/\/www.lesnapolanaslawno.pl\/index.php\/dla-czlonkow-kola\/galeria-mysliwska\/rok-2014-cz\/#webpage","url":"https:\/\/www.lesnapolanaslawno.pl\/index.php\/dla-czlonkow-kola\/galeria-mysliwska\/rok-2014-cz\/","name":"> Rok 2014 Cz - Ko\u0142o \u0141owieckie &quot;Le\u015bna Polana w S\u0142awnie&quot;","isPartOf":{"@id":"https:\/\/www.lesnapolanaslawno.pl\/#website"},"datePublished":"2016-12-02T17:44:19+00:00","dateModified":"2016-12-08T12:17:25+00:00","breadcrumb":{"@id":"https:\/\/www.lesnapolanaslawno.pl\/index.php\/dla-czlonkow-kola\/galeria-mysliwska\/rok-2014-cz\/#breadcrumb"},"inLanguage":"pl-PL"}]}},"_links":{"self":[{"href":"http:\/\/www.lesnapolanaslawno.pl\/index.php\/wp-json\/wp\/v2\/pages\/168"}],"collection":[{"href":"http:\/\/www.lesnapolanaslawno.pl\/index.php\/wp-json\/wp\/v2\/pages"}],"about":[{"href":"http:\/\/www.lesnapolanaslawno.pl\/index.php\/wp-json\/wp\/v2\/types\/page"}],"author":[{"embeddable":true,"href":"http:\/\/www.lesnapolanaslawno.pl\/index.php\/wp-json\/wp\/v2\/users\/1"}],"replies":[{"embeddable":true,"href":"http:\/\/www.lesnapolanaslawno.pl\/index.php\/wp-json\/wp\/v2\/comments?post=168"}],"version-history":[{"count":2,"href":"http:\/\/www.lesnapolanaslawno.pl\/index.php\/wp-json\/wp\/v2\/pages\/168\/revisions"}],"predecessor-version":[{"id":274,"href":"http:\/\/www.lesnapolanaslawno.pl\/index.php\/wp-json\/wp\/v2\/pages\/168\/revisions\/274"}],"up":[{"embeddable":true,"href":"http:\/\/www.lesnapolanaslawno.pl\/index.php\/wp-json\/wp\/v2\/pages\/154"}],"wp:featuredmedia":[{"embeddable":true,"href":"http:\/\/www.lesnapolanaslawno.pl\/index.php\/wp-json\/wp\/v2\/media\/169"}],"wp:attachment":[{"href":"http:\/\/www.lesnapolanaslawno.pl\/index.php\/wp-json\/wp\/v2\/media?parent=168"}],"curies":[{"name":"wp","href":"https:\/\/api.w.org\/{rel}","templated":true}]}}